{"id":3844,"date":"2025-02-05T09:00:07","date_gmt":"2025-02-05T09:00:07","guid":{"rendered":"https:\/\/hotel-darcy.fr\/tourismus-2\/"},"modified":"2025-02-11T14:13:57","modified_gmt":"2025-02-11T14:13:57","slug":"tourismus-2","status":"publish","type":"page","link":"https:\/\/hotel-darcy.fr\/de\/tourismus-2\/","title":{"rendered":"Tourismus"},"content":{"rendered":"<p><div class=\"fusion-bg-parallax\" data-bg-align=\"center center\" data-direction=\"down\" data-mute=\"false\" data-opacity=\"100\" data-velocity=\"-0.3\" data-mobile-enabled=\"false\" data-break_parents=\"0\" data-bg-image=\"https:\/\/hotel-darcy.fr\/wp-content\/uploads\/2025\/01\/2023-06-07.jpg\" data-bg-repeat=\"false\" data-bg-color=\"rgba(43,43,43,0.81)\" data-blend-mode=\"overlay\" ><\/div><div class=\"fusion-fullwidth fullwidth-box fusion-builder-row-1 fusion-flex-container has-pattern-background has-mask-background fusion-parallax-down hundred-percent-fullwidth non-hundred-percent-height-scrolling\" style=\"--awb-background-blend-mode:overlay;--awb-border-radius-top-left:0px;--awb-border-radius-top-right:0px;--awb-border-radius-bottom-right:0px;--awb-border-radius-bottom-left:0px;--awb-min-height:50vh;--awb-background-color:rgba(43,43,43,0.81);--awb-background-image:url(&quot;https:\/\/hotel-darcy.fr\/wp-content\/uploads\/2025\/01\/2023-06-07.jpg&quot;);--awb-background-size:cover;--awb-flex-wrap:wrap;\" ><div class=\"fusion-builder-row fusion-row fusion-flex-align-items-center fusion-flex-align-content-flex-end fusion-flex-content-wrap\" style=\"width:104% !important;max-width:104% !important;margin-left: calc(-4% \/ 2 );margin-right: calc(-4% \/ 2 );\"><div class=\"fusion-layout-column fusion_builder_column fusion-builder-column-0 fusion_builder_column_1_1 1_1 fusion-flex-column\" style=\"--awb-bg-size:cover;--awb-width-large:100%;--awb-margin-top-large:0px;--awb-spacing-right-large:1.92%;--awb-margin-bottom-large:20px;--awb-spacing-left-large:1.92%;--awb-width-medium:100%;--awb-order-medium:0;--awb-spacing-right-medium:1.92%;--awb-spacing-left-medium:1.92%;--awb-width-small:100%;--awb-order-small:0;--awb-spacing-right-small:1.92%;--awb-spacing-left-small:1.92%;\"><div class=\"fusion-column-wrapper fusion-column-has-shadow fusion-flex-justify-content-flex-start fusion-content-layout-column\"><div class=\"fusion-title title fusion-title-1 fusion-sep-none fusion-title-text fusion-title-size-one\" style=\"--awb-text-color:var(--awb-custom_color_8);--awb-margin-top:0px;--awb-margin-top-small:10px;--awb-margin-right-small:0px;--awb-margin-bottom-small:10px;--awb-margin-left-small:0px;--awb-font-size:90px;\"><h1 class=\"fusion-title-heading title-heading-left\" style=\"font-family:&quot;DM Sans&quot;;font-style:normal;font-weight:100;margin:0;text-transform:none;font-size:1em;\">Tourismus in Burgund Franche-Comt\u00e9<\/h1><\/div><\/div><\/div><\/div><\/div><div class=\"fusion-fullwidth fullwidth-box fusion-builder-row-2 fusion-flex-container has-pattern-background has-mask-background nonhundred-percent-fullwidth non-hundred-percent-height-scrolling fusion-custom-z-index\" style=\"--awb-background-position:right bottom;--awb-border-radius-top-left:0px;--awb-border-radius-top-right:0px;--awb-border-radius-bottom-right:0px;--awb-border-radius-bottom-left:0px;--awb-overflow:visible;--awb-z-index:2;--awb-padding-top:60px;--awb-padding-right:0px;--awb-padding-bottom:60px;--awb-padding-left:0px;--awb-padding-right-small:20px;--awb-padding-left-small:20px;--awb-background-color:var(--awb-custom_color_7);--awb-background-size:contain;--awb-flex-wrap:wrap;\" ><div class=\"fusion-builder-row fusion-row fusion-flex-align-items-flex-start fusion-flex-justify-content-center fusion-flex-content-wrap\" style=\"max-width:1248px;margin-left: calc(-4% \/ 2 );margin-right: calc(-4% \/ 2 );\"><div class=\"fusion-layout-column fusion_builder_column fusion-builder-column-1 fusion_builder_column_1_2 1_2 fusion-flex-column\" style=\"--awb-bg-size:cover;--awb-width-large:50%;--awb-margin-top-large:19px;--awb-spacing-right-large:3.84%;--awb-margin-bottom-large:0px;--awb-spacing-left-large:3.84%;--awb-width-medium:50%;--awb-order-medium:0;--awb-spacing-right-medium:3.84%;--awb-spacing-left-medium:3.84%;--awb-width-small:100%;--awb-order-small:0;--awb-spacing-right-small:1.92%;--awb-spacing-left-small:1.92%;\"><div class=\"fusion-column-wrapper fusion-column-has-shadow fusion-flex-justify-content-flex-start fusion-content-layout-column\"><div class=\"fusion-title title fusion-title-2 fusion-sep-none fusion-title-text fusion-title-size-two\" style=\"--awb-text-color:var(--awb-color1);--awb-margin-top:0px;--awb-margin-bottom:20px;--awb-margin-top-small:10px;--awb-margin-right-small:0px;--awb-margin-bottom-small:10px;--awb-margin-left-small:0px;--awb-font-size:50px;\"><h2 class=\"fusion-title-heading title-heading-left\" style=\"font-family:&quot;DM Sans&quot;;font-style:normal;font-weight:100;margin:0;text-transform:none;font-size:1em;\">Ein Muss in Burgund<\/h2><\/div><div class=\"fusion-text fusion-text-1 fusion-text-no-margin\" style=\"--awb-content-alignment:justify;--awb-font-size:17px;--awb-text-color:var(--awb-color1);--awb-margin-top:0px;--awb-margin-right:0px;--awb-margin-bottom:40px;--awb-text-font-family:&quot;DM Sans&quot;;--awb-text-font-style:normal;--awb-text-font-weight:200;\"><p>Was kann man tun, was sehen, was besichtigen?<\/p>\n<\/div><div class=\"fusion-separator fusion-full-width-sep\" style=\"align-self: center;margin-left: auto;margin-right: auto;margin-top:0px;margin-bottom:20px;width:100%;\"><div class=\"fusion-separator-border sep-single sep-solid\" style=\"--awb-height:20px;--awb-amount:20px;--awb-sep-color:#c2c3bc;border-color:#c2c3bc;border-top-width:1px;\"><\/div><\/div><\/div><\/div><div class=\"fusion-layout-column fusion_builder_column fusion-builder-column-2 fusion_builder_column_1_2 1_2 fusion-flex-column fusion-flex-align-self-stretch\" style=\"--awb-bg-size:cover;--awb-width-large:50%;--awb-margin-top-large:20px;--awb-spacing-right-large:3.84%;--awb-margin-bottom-large:0px;--awb-spacing-left-large:3.84%;--awb-width-medium:50%;--awb-order-medium:0;--awb-spacing-right-medium:3.84%;--awb-spacing-left-medium:3.84%;--awb-width-small:100%;--awb-order-small:0;--awb-spacing-right-small:1.92%;--awb-spacing-left-small:1.92%;\"><div class=\"fusion-column-wrapper fusion-column-has-shadow fusion-flex-justify-content-flex-end fusion-content-layout-column\"><div class=\"fusion-text fusion-text-2 fusion-text-no-margin\" style=\"--awb-content-alignment:justify;--awb-font-size:17px;--awb-text-color:var(--awb-color1);--awb-margin-top:0px;--awb-margin-right:0px;--awb-margin-bottom:30px;--awb-margin-left:0px;--awb-text-font-family:&quot;DM Sans&quot;;--awb-text-font-style:normal;--awb-text-font-weight:200;\"><p>Dijon ist die Hauptstadt der Gro\u00dfregion Burgund-Franche-Comt\u00e9 und liegt im mittleren Osten Frankreichs. Die Stadt ist mit dem Label &#8222;Ville d&#8217;art et d&#8217;histoire&#8220; (Stadt der Kunst und Geschichte) ausgezeichnet und verf\u00fcgt \u00fcber einen 97 Hektar gro\u00dfen gesch\u00fctzten Sektor.<br \/>\nDieser Sektor ist nun Teil des UNESCO-Weltkulturerbes &#8222;Climats du Vignoble de Bourgogne&#8220; (Weinberge des Burgunds).<\/p>\n<\/div><div class=\"fusion-builder-row fusion-builder-row-inner fusion-row fusion-flex-align-items-flex-start fusion-flex-justify-content-center fusion-flex-content-wrap\" style=\"--awb-flex-grow:0;--awb-flex-grow-medium:0;--awb-flex-grow-small:0;--awb-flex-shrink:0;--awb-flex-shrink-medium:0;--awb-flex-shrink-small:0;width:104% !important;max-width:104% !important;margin-left: calc(-4% \/ 2 );margin-right: calc(-4% \/ 2 );\"><div class=\"fusion-layout-column fusion_builder_column_inner fusion-builder-nested-column-0 fusion_builder_column_inner_1_1 1_1 fusion-flex-column\" style=\"--awb-bg-size:cover;--awb-width-large:100%;--awb-margin-top-large:0px;--awb-spacing-right-large:1.92%;--awb-margin-bottom-large:0px;--awb-spacing-left-large:1.92%;--awb-width-medium:100%;--awb-order-medium:0;--awb-spacing-right-medium:1.92%;--awb-spacing-left-medium:1.92%;--awb-width-small:100%;--awb-order-small:0;--awb-spacing-right-small:1.92%;--awb-spacing-left-small:1.92%;\"><div class=\"fusion-column-wrapper fusion-column-has-shadow fusion-flex-justify-content-flex-start fusion-content-layout-column\"><div style=\"text-align:left;\"><a class=\"fusion-button button-flat fusion-button-default-size button-custom fusion-button-default button-1 fusion-button-span-no fusion-button-default-type\" style=\"--awb-margin-top:0px;--awb-padding-right:40px;--awb-padding-left:40px;--button_accent_color:var(--awb-custom_color_7);--button_border_color:var(--awb-custom_color_7);--button_accent_hover_color:var(--awb-custom_color_7);--button_border_hover_color:var(--awb-custom_color_7);--button_gradient_top_color:var(--awb-custom_color_6);--button_gradient_bottom_color:var(--awb-custom_color_6);--button_gradient_top_color_hover:var(--awb-custom_color_8);--button_gradient_bottom_color_hover:var(--awb-custom_color_8);--button_text_transform:none;--button_typography-font-family:&quot;DM Sans&quot;;--button_typography-font-style:normal;--button_typography-font-weight:300;\" target=\"_self\" href=\"https:\/\/premium.logishotels.com\/fo\/booking\/233\/431287\/dates\"><span class=\"fusion-button-text awb-button__text awb-button__text--default\">Reservierung<\/span><\/a><\/div><\/div><\/div><\/div><\/div><\/div><\/div><\/div><div id=\"1\" class=\"fusion-container-anchor\"><div class=\"fusion-fullwidth fullwidth-box fusion-builder-row-3 fusion-flex-container has-pattern-background has-mask-background fusion-parallax-fixed nonhundred-percent-fullwidth non-hundred-percent-height-scrolling fusion-custom-z-index\" style=\"--link_hover_color: var(--awb-custom_color_4);--link_color: var(--awb-custom_color_5);--awb-background-position:left bottom;--awb-background-blend-mode:multiply;--awb-border-radius-top-left:0px;--awb-border-radius-top-right:0px;--awb-border-radius-bottom-right:0px;--awb-border-radius-bottom-left:0px;--awb-overflow:visible;--awb-z-index:100000;--awb-padding-top:150px;--awb-padding-right:80px;--awb-padding-bottom:150px;--awb-padding-left:80px;--awb-padding-top-small:60px;--awb-padding-right-small:20px;--awb-padding-left-small:20px;--awb-background-color:var(--awb-custom_color_7);--awb-background-image:url(&quot;https:\/\/hotel-darcy.fr\/wp-content\/uploads\/2025\/02\/carousel-6402074_1920.jpg&quot;);--awb-background-size:cover;--awb-flex-wrap:wrap;background-attachment:fixed;\" ><div class=\"fusion-builder-row fusion-row fusion-flex-align-items-flex-start fusion-flex-align-content-flex-end fusion-flex-justify-content-space-between fusion-flex-content-wrap\" style=\"max-width:1248px;margin-left: calc(-4% \/ 2 );margin-right: calc(-4% \/ 2 );\"><div class=\"fusion-layout-column fusion_builder_column fusion-builder-column-3 fusion-flex-column fusion-flex-align-self-stretch\" style=\"--awb-padding-top:20px;--awb-padding-right:20px;--awb-padding-left:20px;--awb-overflow:hidden;--awb-bg-color:#3f3f3f;--awb-bg-color-hover:#3f3f3f;--awb-bg-image:linear-gradient(180deg, rgba(255,255,255,0) 61%,rgba(167,169,159,0.02) 0%);--awb-bg-size:cover;--awb-border-color:var(--awb-custom_color_6);--awb-border-top:1px;--awb-border-right:1px;--awb-border-bottom:1px;--awb-border-left:1px;--awb-border-style:solid;--awb-border-radius:3000px 3000px 0px 0px;--awb-width-large:30%;--awb-margin-top-large:0px;--awb-spacing-right-large:3.2%;--awb-margin-bottom-large:0px;--awb-spacing-left-large:0%;--awb-width-medium:30%;--awb-order-medium:0;--awb-spacing-right-medium:3.2%;--awb-spacing-left-medium:0%;--awb-width-small:100%;--awb-order-small:0;--awb-margin-top-small:50px;--awb-spacing-right-small:1.92%;--awb-spacing-left-small:1.92%;\"><div class=\"fusion-column-wrapper fusion-column-has-shadow fusion-flex-justify-content-flex-start fusion-content-layout-column\"><div class=\"fusion-image-element \" style=\"--awb-aspect-ratio:1 \/ 1;--awb-caption-title-font-family:var(--h2_typography-font-family);--awb-caption-title-font-weight:var(--h2_typography-font-weight);--awb-caption-title-font-style:var(--h2_typography-font-style);--awb-caption-title-size:var(--h2_typography-font-size);--awb-caption-title-transform:var(--h2_typography-text-transform);--awb-caption-title-line-height:var(--h2_typography-line-height);--awb-caption-title-letter-spacing:var(--h2_typography-letter-spacing);\"><span class=\" fusion-imageframe imageframe-none imageframe-1 hover-type-none has-aspect-ratio img-size-round\"><img decoding=\"async\" width=\"1500\" height=\"1000\" title=\"4032\" src=\"https:\/\/hotel-darcy.fr\/wp-content\/uploads\/2025\/02\/4032.jpg\" class=\"img-responsive wp-image-3273 img-with-aspect-ratio\" data-parent-fit=\"cover\" data-parent-container=\".fusion-image-element\" alt srcset=\"https:\/\/hotel-darcy.fr\/wp-content\/uploads\/2025\/02\/4032-200x133.jpg 200w, https:\/\/hotel-darcy.fr\/wp-content\/uploads\/2025\/02\/4032-400x267.jpg 400w, https:\/\/hotel-darcy.fr\/wp-content\/uploads\/2025\/02\/4032-600x400.jpg 600w, https:\/\/hotel-darcy.fr\/wp-content\/uploads\/2025\/02\/4032-800x533.jpg 800w, https:\/\/hotel-darcy.fr\/wp-content\/uploads\/2025\/02\/4032-1200x800.jpg 1200w, https:\/\/hotel-darcy.fr\/wp-content\/uploads\/2025\/02\/4032.jpg 1500w\" sizes=\"(max-width: 640px) 100vw, 1200px\" \/><\/span><\/div><div class=\"fusion-title title fusion-title-3 fusion-sep-none fusion-title-center fusion-title-text fusion-title-size-two\" style=\"--awb-text-color:var(--awb-custom_color_8);--awb-margin-top:20px;--awb-margin-top-small:10px;--awb-margin-right-small:0px;--awb-margin-bottom-small:10px;--awb-margin-left-small:0px;--awb-font-size:30px;\"><h2 class=\"fusion-title-heading title-heading-center\" style=\"font-family:&quot;DM Sans&quot;;font-style:normal;font-weight:100;margin:0;text-transform:none;font-size:1em;\">Der Palast der Herz\u00f6ge von Burgund<\/h2><\/div><div class=\"fusion-text fusion-text-3 fusion-text-no-margin\" style=\"--awb-content-alignment:justify;--awb-font-size:17px;--awb-text-color:var(--awb-custom_color_8);--awb-margin-top:20px;--awb-margin-right:00px;--awb-margin-bottom:40px;--awb-text-font-family:&quot;DM Sans&quot;;--awb-text-font-style:normal;--awb-text-font-weight:200;\"><p>Der im Herzen der Stadt gelegene Palast der Herz\u00f6ge und St\u00e4nde von Burgund bleibt das symboltr\u00e4chtigste Bauwerk Dijons. Im Zentrum befindet sich das Rathaus, das <a href=\"https:\/\/www.destinationdijon.com\/patrimoine-culturel\/tour-philippe-le-bon\/\">vom Turm Philipps des Guten<\/a> gekr\u00f6nt wird. Die Aussichtsplattform aus dem 15. Jahrhundert bietet <a href=\"https:\/\/www.destinationdijon.com\/moments-a-vivre\/ma-vue-panoramique-a-46-metres-de-haut\/\">einen 46 m hohen Panoramablick<\/a> auf die Stadt der hundert Glockent\u00fcrme.<\/p>\n<p><a href=\"https:\/\/www.destinationdijon.com\/destination\/best-of\/un-musee-metamorphose\/\">Das Museum der Sch\u00f6nen K\u00fcnste<\/a> befindet sich seit 1799 im Ostfl\u00fcgel des Palastes. Es wurde komplett renoviert und zeigt eine Sammlung von 1500 Kunstwerken in 50 R\u00e4umen. Es geh\u00f6rt zu den reichsten der franz\u00f6sischen Museen.<\/p>\n<\/div><\/div><\/div><div class=\"fusion-layout-column fusion_builder_column fusion-builder-column-4 fusion-flex-column fusion-flex-align-self-stretch\" style=\"--awb-padding-top:20px;--awb-padding-right:20px;--awb-padding-left:20px;--awb-overflow:hidden;--awb-bg-color:#3f3f3f;--awb-bg-color-hover:#3f3f3f;--awb-bg-image:linear-gradient(180deg, rgba(255,255,255,0) 61%,rgba(167,169,159,0.02) 0%);--awb-bg-size:cover;--awb-border-color:var(--awb-custom_color_6);--awb-border-top:1px;--awb-border-right:1px;--awb-border-bottom:1px;--awb-border-left:1px;--awb-border-style:solid;--awb-border-radius:3000px 3000px 0px 0px;--awb-width-large:30%;--awb-margin-top-large:0px;--awb-spacing-right-large:3.2%;--awb-margin-bottom-large:0px;--awb-spacing-left-large:0%;--awb-width-medium:30%;--awb-order-medium:0;--awb-spacing-right-medium:3.2%;--awb-spacing-left-medium:0%;--awb-width-small:100%;--awb-order-small:0;--awb-margin-top-small:50px;--awb-spacing-right-small:1.92%;--awb-spacing-left-small:1.92%;\"><div class=\"fusion-column-wrapper fusion-column-has-shadow fusion-flex-justify-content-flex-start fusion-content-layout-column\"><div class=\"fusion-image-element \" style=\"--awb-aspect-ratio:1 \/ 1;--awb-caption-title-font-family:var(--h2_typography-font-family);--awb-caption-title-font-weight:var(--h2_typography-font-weight);--awb-caption-title-font-style:var(--h2_typography-font-style);--awb-caption-title-size:var(--h2_typography-font-size);--awb-caption-title-transform:var(--h2_typography-text-transform);--awb-caption-title-line-height:var(--h2_typography-line-height);--awb-caption-title-letter-spacing:var(--h2_typography-letter-spacing);\"><span class=\" fusion-imageframe imageframe-none imageframe-2 hover-type-none has-aspect-ratio img-size-round\"><img decoding=\"async\" width=\"540\" height=\"250\" title=\"cite_gastronomie_vin\" src=\"https:\/\/hotel-darcy.fr\/wp-content\/uploads\/2025\/02\/cite_gastronomie_vin.jpg\" class=\"img-responsive wp-image-3276 img-with-aspect-ratio\" data-parent-fit=\"cover\" data-parent-container=\".fusion-image-element\" alt srcset=\"https:\/\/hotel-darcy.fr\/wp-content\/uploads\/2025\/02\/cite_gastronomie_vin-200x93.jpg 200w, https:\/\/hotel-darcy.fr\/wp-content\/uploads\/2025\/02\/cite_gastronomie_vin-400x185.jpg 400w, https:\/\/hotel-darcy.fr\/wp-content\/uploads\/2025\/02\/cite_gastronomie_vin.jpg 540w\" sizes=\"(max-width: 640px) 100vw, 540px\" \/><\/span><\/div><div class=\"fusion-title title fusion-title-4 fusion-sep-none fusion-title-center fusion-title-text fusion-title-size-two\" style=\"--awb-text-color:var(--awb-custom_color_8);--awb-margin-top:20px;--awb-margin-top-small:10px;--awb-margin-right-small:0px;--awb-margin-bottom-small:10px;--awb-margin-left-small:0px;--awb-font-size:30px;\"><h2 class=\"fusion-title-heading title-heading-center\" style=\"font-family:&quot;DM Sans&quot;;font-style:normal;font-weight:100;margin:0;text-transform:none;font-size:1em;\">Die internationale Stadt der Gastronomie und des Weins<\/h2><\/div><div class=\"fusion-text fusion-text-4 fusion-text-no-margin\" style=\"--awb-content-alignment:justify;--awb-font-size:17px;--awb-text-color:var(--awb-custom_color_8);--awb-margin-top:20px;--awb-margin-right:00px;--awb-margin-bottom:40px;--awb-text-font-family:&quot;DM Sans&quot;;--awb-text-font-style:normal;--awb-text-font-weight:200;\"><p>Dijon, die gastronomische Hauptstadt und Weinstadt, ist f\u00fcr ihre kulinarischen Spezialit\u00e4ten bekannt: Senf, Schnecken, Cr\u00e8me de Cassis, Schokolade und Lebkuchen&#8230;<\/p>\n<p>Die<a href=\"https:\/\/www.destinationdijon.com\/destination\/la-cite-internationale-de-la-gastronomie-et-du-vin\/\" target=\"_blank\" rel=\"noopener\"> Cit\u00e9 internationale de la gastronomie et du vin<\/a> liegt im Herzen der Stadt und bietet Ihnen hunderte von Erlebnissen zum Erleben und Probieren: Ausstellungen, gastronomisches Dorf, Weinproben, Workshops, Restaurants, Kino&#8230;<\/p>\n<\/div><\/div><\/div><div class=\"fusion-layout-column fusion_builder_column fusion-builder-column-5 fusion-flex-column fusion-flex-align-self-flex-end\" style=\"--awb-padding-top:20px;--awb-padding-right:20px;--awb-padding-left:20px;--awb-overflow:hidden;--awb-bg-color:#3f3f3f;--awb-bg-color-hover:#3f3f3f;--awb-bg-image:linear-gradient(180deg, rgba(255,255,255,0) 61%,rgba(167,169,159,0.02) 0%);--awb-bg-size:cover;--awb-border-color:var(--awb-custom_color_6);--awb-border-top:1px;--awb-border-right:1px;--awb-border-bottom:1px;--awb-border-left:1px;--awb-border-style:solid;--awb-border-radius:3000px 3000px 0px 0px;--awb-width-large:30%;--awb-margin-top-large:0px;--awb-spacing-right-large:3.2%;--awb-margin-bottom-large:0px;--awb-spacing-left-large:0%;--awb-width-medium:30%;--awb-order-medium:0;--awb-spacing-right-medium:3.2%;--awb-spacing-left-medium:0%;--awb-width-small:100%;--awb-order-small:0;--awb-margin-top-small:50px;--awb-spacing-right-small:1.92%;--awb-spacing-left-small:1.92%;\"><div class=\"fusion-column-wrapper fusion-column-has-shadow fusion-flex-justify-content-center fusion-content-layout-column\"><div class=\"fusion-image-element \" style=\"--awb-caption-title-font-family:var(--h2_typography-font-family);--awb-caption-title-font-weight:var(--h2_typography-font-weight);--awb-caption-title-font-style:var(--h2_typography-font-style);--awb-caption-title-size:var(--h2_typography-font-size);--awb-caption-title-transform:var(--h2_typography-text-transform);--awb-caption-title-line-height:var(--h2_typography-line-height);--awb-caption-title-letter-spacing:var(--h2_typography-letter-spacing);\"><span class=\" fusion-imageframe imageframe-none imageframe-3 hover-type-none img-size-round\"><img decoding=\"async\" width=\"1920\" height=\"1277\" title=\"carousel-6402074_1920\" src=\"https:\/\/hotel-darcy.fr\/wp-content\/uploads\/2025\/02\/carousel-6402074_1920.jpg\" alt class=\"img-responsive wp-image-3282\" srcset=\"https:\/\/hotel-darcy.fr\/wp-content\/uploads\/2025\/02\/carousel-6402074_1920-200x133.jpg 200w, https:\/\/hotel-darcy.fr\/wp-content\/uploads\/2025\/02\/carousel-6402074_1920-400x266.jpg 400w, https:\/\/hotel-darcy.fr\/wp-content\/uploads\/2025\/02\/carousel-6402074_1920-600x399.jpg 600w, https:\/\/hotel-darcy.fr\/wp-content\/uploads\/2025\/02\/carousel-6402074_1920-800x532.jpg 800w, https:\/\/hotel-darcy.fr\/wp-content\/uploads\/2025\/02\/carousel-6402074_1920-1200x798.jpg 1200w, https:\/\/hotel-darcy.fr\/wp-content\/uploads\/2025\/02\/carousel-6402074_1920.jpg 1920w\" sizes=\"(max-width: 640px) 100vw, 1200px\" \/><\/span><\/div><div class=\"fusion-title title fusion-title-5 fusion-sep-none fusion-title-center fusion-title-text fusion-title-size-two\" style=\"--awb-text-color:var(--awb-custom_color_8);--awb-margin-top:20px;--awb-margin-top-small:10px;--awb-margin-right-small:0px;--awb-margin-bottom-small:10px;--awb-margin-left-small:0px;--awb-font-size:30px;\"><h2 class=\"fusion-title-heading title-heading-center\" style=\"font-family:&quot;DM Sans&quot;;font-style:normal;font-weight:100;margin:0;text-transform:none;font-size:1em;\">Ein au\u00dfergew\u00f6hnliches Panorama \u00fcber die Altstadt von Dijon<\/h2><\/div><div class=\"fusion-text fusion-text-5 fusion-text-no-margin\" style=\"--awb-content-alignment:justify;--awb-font-size:17px;--awb-text-color:var(--awb-custom_color_8);--awb-margin-top:20px;--awb-margin-right:00px;--awb-margin-bottom:40px;--awb-text-font-family:&quot;DM Sans&quot;;--awb-text-font-style:normal;--awb-text-font-weight:200;\"><p>Um das Denkmal zu besichtigen, m\u00fcssen Sie sich nur am Empfang des Fremdenverkehrsamtes melden, das sich nur wenige Schritte vom Turm Philippe le Bon entfernt in der Rue des Forges befindet.<br \/>\nEs gibt zwei Angebote: <a href=\"https:\/\/www.destinationdijon.com\/visites\/la-montee-de-la-tour-philippe-le-bon\/\">den Aufstieg auf<\/a> den Turm und <a href=\"https:\/\/www.destinationdijon.com\/moments-a-vivre\/un-apero-bien-merite\/\">die Aperitifs<\/a> des Turms.<br \/>\nWir haben das historische Zentrum von Dijon mit der Familie entdeckt, indem wir dem Weg der Eule gefolgt sind.<br \/>\nDieser einst\u00fcndige Fu\u00dfweg enth\u00fcllt in 22 Etappen die wichtigsten Punkte von Interesse f\u00fcr das Kulturerbe der burgundischen Hauptstadt.<\/p>\n<\/div><\/div><\/div><div class=\"fusion-layout-column fusion_builder_column fusion-builder-column-6 fusion_builder_column_1_1 1_1 fusion-flex-column\" style=\"--awb-padding-top:20px;--awb-padding-right:20px;--awb-padding-bottom:20px;--awb-padding-left:21px;--awb-bg-color:#3f3f3f;--awb-bg-color-hover:#3f3f3f;--awb-bg-size:cover;--awb-border-color:var(--awb-color1);--awb-border-top:1px;--awb-border-right:1px;--awb-border-bottom:1px;--awb-border-left:1px;--awb-border-style:solid;--awb-width-large:100%;--awb-margin-top-large:60px;--awb-spacing-right-large:1.92%;--awb-margin-bottom-large:20px;--awb-spacing-left-large:0%;--awb-width-medium:100%;--awb-order-medium:0;--awb-spacing-right-medium:1.92%;--awb-spacing-left-medium:0%;--awb-width-small:100%;--awb-order-small:0;--awb-spacing-right-small:1.92%;--awb-spacing-left-small:1.92%;\"><div class=\"fusion-column-wrapper fusion-column-has-shadow fusion-flex-justify-content-flex-start fusion-content-layout-column\"><div class=\"fusion-builder-row fusion-builder-row-inner fusion-row fusion-flex-align-items-flex-start fusion-flex-align-content-flex-end fusion-flex-justify-content-space-between fusion-flex-content-wrap\" style=\"--awb-flex-grow:0;--awb-flex-grow-medium:0;--awb-flex-grow-small:0;--awb-flex-shrink:0;--awb-flex-shrink-medium:0;--awb-flex-shrink-small:0;width:104% !important;max-width:104% !important;margin-left: calc(-4% \/ 2 );margin-right: calc(-4% \/ 2 );\"><div class=\"fusion-layout-column fusion_builder_column_inner fusion-builder-nested-column-1 fusion_builder_column_inner_1_3 1_3 fusion-flex-column fusion-flex-align-self-stretch\" style=\"--awb-padding-top:90px;--awb-padding-bottom:40px;--awb-padding-left:20px;--awb-bg-image:url(&#039;https:\/\/hotel-darcy.fr\/wp-content\/uploads\/2025\/02\/tour.jpg&#039;);--awb-bg-position:center center;--awb-bg-size:cover;--awb-width-large:33.333333333333%;--awb-margin-top-large:0px;--awb-spacing-right-large:5.76%;--awb-margin-bottom-large:0px;--awb-spacing-left-large:5.76%;--awb-width-medium:33.333333333333%;--awb-order-medium:0;--awb-spacing-right-medium:5.76%;--awb-spacing-left-medium:5.76%;--awb-width-small:100%;--awb-order-small:0;--awb-spacing-right-small:1.92%;--awb-spacing-left-small:1.92%;\"><div class=\"fusion-column-wrapper fusion-column-has-shadow fusion-flex-justify-content-flex-start fusion-content-layout-column fusion-empty-column-bg-image fusion-column-has-bg-image\" data-bg-url=\"https:\/\/hotel-darcy.fr\/wp-content\/uploads\/2025\/02\/tour.jpg\"><img decoding=\"async\" class=\"fusion-empty-dims-img-placeholder\" aria-label=\"tour\" src=\"data:image\/svg+xml,%3Csvg%20xmlns%3D%27http%3A%2F%2Fwww.w3.org%2F2000%2Fsvg%27%20width%3D%27540%27%20height%3D%27250%27%20viewBox%3D%270%200%20540%20250%27%3E%3Crect%20width%3D%27540%27%20height%3D%27250%27%20fill-opacity%3D%220%22%2F%3E%3C%2Fsvg%3E\"><\/div><\/div><div class=\"fusion-layout-column fusion_builder_column_inner fusion-builder-nested-column-2 fusion-flex-column fusion-flex-align-self-stretch\" style=\"--awb-padding-right:40px;--awb-padding-right-small:0px;--awb-bg-size:cover;--awb-width-large:66%;--awb-margin-top-large:20px;--awb-spacing-right-large:2.9090909090909%;--awb-margin-bottom-large:20px;--awb-spacing-left-large:2.9090909090909%;--awb-width-medium:66%;--awb-order-medium:0;--awb-spacing-right-medium:2.9090909090909%;--awb-spacing-left-medium:2.9090909090909%;--awb-width-small:100%;--awb-order-small:0;--awb-spacing-right-small:1.92%;--awb-spacing-left-small:1.92%;\"><div class=\"fusion-column-wrapper fusion-column-has-shadow fusion-flex-justify-content-center fusion-content-layout-column\"><div class=\"fusion-title title fusion-title-6 fusion-sep-none fusion-title-text fusion-title-size-two\" style=\"--awb-text-color:var(--awb-custom_color_8);--awb-margin-top:40px;--awb-margin-bottom:0px;--awb-margin-top-small:10px;--awb-margin-right-small:0px;--awb-margin-bottom-small:10px;--awb-margin-left-small:0px;--awb-font-size:30px;\"><h2 class=\"fusion-title-heading title-heading-left\" style=\"font-family:&quot;DM Sans&quot;;font-style:normal;font-weight:100;margin:0;text-transform:none;font-size:1em;\">Besteigung des Turms von Philipp dem Guten<\/h2><\/div><div class=\"fusion-text fusion-text-6 fusion-text-no-margin\" style=\"--awb-content-alignment:justify;--awb-font-size:17px;--awb-text-color:var(--awb-custom_color_8);--awb-margin-top:20px;--awb-margin-right:00px;--awb-margin-bottom:20px;--awb-text-font-family:&quot;DM Sans&quot;;--awb-text-font-style:normal;--awb-text-font-weight:200;\"><p>Der im 15. Jahrhundert erbaute trapezf\u00f6rmige <a href=\"https:\/\/www.destinationdijon.com\/patrimoine-culturel\/palais-des-ducs-et-des-etats-de-bourgogne\/\">Turm in der Mitte des Palastes der Herz\u00f6ge von Burgund<\/a> hat eine Wendeltreppe mit 316 Stufen. Aber seien Sie beruhigt: Man kann nicht alle Stufen auf einmal erklimmen! Die ersten drei Podeste der sieben Stockwerke des Turms verteilen die verschiedenen Ebenen des ehemaligen herzoglichen Wohnhauses. Dar\u00fcber befinden sich die Prunks\u00e4le, die keinen anderen Zweck hatten, als die Macht der Herz\u00f6ge von Valois zu demonstrieren.<\/p>\n<p>Der Halt bei Stufe 199 erm\u00f6glicht es Ihnen, vor einer kleinen Holzt\u00fcr mit einer doppelten Klammer zu verschnaufen. Ich bemerke eine seltsame geschnitzte Fledermaus an der Ecke der Mauer &#8230; Sie muss wohl \u00fcber die Gr\u00e4ber der Herz\u00f6ge von Burgund wachen, die direkt hinter der T\u00fcr ruhen!<\/p>\n<p>Ich bemerke eine seltsame geschnitzte Fledermaus an der Ecke der Mauer &#8230; Sie muss wohl \u00fcber die Gr\u00e4ber der Herz\u00f6ge von Burgund wachen, die direkt hinter der T\u00fcr ruhen! Ich bewunderte das wundersch\u00f6ne Kreuzrippengew\u00f6lbe, das \u00fcber dem letzten Treppenabsatz liegt.<\/p>\n<\/div><\/div><\/div><\/div><\/div><\/div><\/div><\/div><\/div><div class=\"fusion-fullwidth fullwidth-box fusion-builder-row-4 fusion-flex-container has-pattern-background has-mask-background fusion-parallax-fixed nonhundred-percent-fullwidth non-hundred-percent-height-scrolling\" style=\"--awb-background-position:right bottom;--awb-border-radius-top-left:0px;--awb-border-radius-top-right:0px;--awb-border-radius-bottom-right:0px;--awb-border-radius-bottom-left:0px;--awb-overflow:visible;--awb-padding-top:0px;--awb-padding-right:0px;--awb-padding-left:0px;--awb-margin-top:0px;--awb-background-color:var(--awb-custom_color_5);--awb-background-image:url(&quot;https:\/\/hotel-darcy.fr\/wp-content\/uploads\/2025\/02\/BG_vins.jpg&quot;);--awb-background-size:cover;--awb-flex-wrap:wrap;background-attachment:fixed;\" ><div class=\"fusion-builder-row fusion-row fusion-flex-align-items-flex-start fusion-flex-content-wrap\" style=\"max-width:1248px;margin-left: calc(-4% \/ 2 );margin-right: calc(-4% \/ 2 );\"><div class=\"fusion-layout-column fusion_builder_column fusion-builder-column-7 fusion_builder_column_1_2 1_2 fusion-flex-column fusion-flex-align-self-flex-start\" style=\"--awb-z-index:2000;--awb-padding-top:172px;--awb-padding-right:60px;--awb-padding-bottom:100px;--awb-padding-left:60px;--awb-padding-top-small:100px;--awb-padding-right-small:60px;--awb-padding-bottom-small:60px;--awb-padding-left-small:60px;--awb-overflow:visible;--awb-bg-color:rgba(255,255,255,0.89);--awb-bg-color-hover:rgba(255,255,255,0.89);--awb-bg-size:cover;--awb-border-color:var(--awb-color1);--awb-border-top:1px;--awb-border-right:1px;--awb-border-bottom:1px;--awb-border-left:1px;--awb-border-style:solid;--awb-border-radius:4000px 4000px 0px 0px;--awb-width-large:50%;--awb-margin-top-large:150px;--awb-spacing-right-large:0%;--awb-margin-bottom-large:0px;--awb-spacing-left-large:0%;--awb-width-medium:50%;--awb-order-medium:0;--awb-spacing-right-medium:0%;--awb-spacing-left-medium:0%;--awb-width-small:100%;--awb-order-small:0;--awb-margin-top-small:150px;--awb-spacing-right-small:6.816%;--awb-spacing-left-small:6.816%;\"><div class=\"fusion-column-wrapper fusion-column-has-shadow fusion-flex-justify-content-flex-start fusion-content-layout-column\"><div class=\"fusion-title title fusion-title-7 fusion-sep-none fusion-title-center fusion-title-text fusion-title-size-two\" style=\"--awb-text-color:var(--awb-custom_color_7);--awb-margin-top:;--awb-margin-bottom:0px;--awb-margin-top-small:10px;--awb-margin-right-small:0px;--awb-margin-bottom-small:10px;--awb-margin-left-small:0px;--awb-font-size:50px;\"><h2 class=\"fusion-title-heading title-heading-center\" style=\"font-family:&quot;DM Sans&quot;;font-style:normal;font-weight:100;margin:0;text-transform:none;font-size:1em;\">Was ist eine &#8222;Weintour&#8220; in Burgund?<\/h2><\/div><div class=\"fusion-text fusion-text-7 fusion-text-no-margin\" style=\"--awb-content-alignment:center;--awb-font-size:17px;--awb-text-color:var(--awb-custom_color_7);--awb-margin-top:20px;--awb-margin-right:00px;--awb-margin-bottom:20px;--awb-text-font-family:&quot;DM Sans&quot;;--awb-text-font-style:normal;--awb-text-font-weight:200;\"><p>Eine Weintour ist eine schl\u00fcsselfertige Rundreise, die von auf Weintourismus spezialisierten Agenturen angeboten wird. Die Entdeckung eines Weinguts mit einem Winzer, ein kommentierter Spaziergang durch die Weinberge, <a href=\"https:\/\/www.destinationdijon.com\/pratique\/autour-du-vin\/\">eine Weinprobe<\/a> und eine Einf\u00fchrung in die \u00d6nologie bleiben die unumg\u00e4nglichen Aktivit\u00e4ten einer begleiteten Rundreise durch das Weinbaugebiet Burgund.<\/p>\n<p>In Dijon finden Sie verschiedene Reiseveranstalter, die sich auf die Begleitung von Kleingruppen f\u00fcr einen Tag oder mehrere Tage spezialisiert haben, wie <em>Authentica Tours<\/em>, <em>Wine &amp; Voyages<\/em>, <em>Bourgogne Gold Tour<\/em> oder Active Tours.<\/p>\n<p>Ausfl\u00fcge in die Weinberge werden das ganze Jahr \u00fcber angeboten, mit dem Minibus, dem Auto oder sogar mit dem Fahrrad! Sie k\u00f6nnen auch eine ma\u00dfgeschneiderte &#8222;Weintour&#8220; mit privatem Fahrer genie\u00dfen, bei der Sie zu zweit die Weinberge von Burgund erkunden.<\/p>\n<\/div><\/div><\/div><\/div><\/div><div id=\"1\" class=\"fusion-container-anchor\"><div class=\"fusion-fullwidth fullwidth-box fusion-builder-row-5 fusion-flex-container has-pattern-background has-mask-background fusion-parallax-fixed nonhundred-percent-fullwidth non-hundred-percent-height-scrolling fusion-custom-z-index\" style=\"--link_hover_color: var(--awb-custom_color_4);--link_color: var(--awb-custom_color_5);--awb-background-position:left bottom;--awb-background-blend-mode:multiply;--awb-border-radius-top-left:0px;--awb-border-radius-top-right:0px;--awb-border-radius-bottom-right:0px;--awb-border-radius-bottom-left:0px;--awb-overflow:visible;--awb-z-index:100000;--awb-padding-top:150px;--awb-padding-right:80px;--awb-padding-bottom:150px;--awb-padding-left:80px;--awb-padding-top-small:40px;--awb-padding-right-small:20px;--awb-padding-bottom-small:60px;--awb-padding-left-small:20px;--awb-background-color:var(--awb-custom_color_7);--awb-background-image:url(&quot;https:\/\/hotel-darcy.fr\/wp-content\/uploads\/2025\/02\/carousel-6402074_1920.jpg&quot;);--awb-background-size:cover;--awb-flex-wrap:wrap;background-attachment:fixed;\" ><div class=\"fusion-builder-row fusion-row fusion-flex-align-items-flex-start fusion-flex-align-content-flex-end fusion-flex-justify-content-space-between fusion-flex-content-wrap\" style=\"max-width:1248px;margin-left: calc(-4% \/ 2 );margin-right: calc(-4% \/ 2 );\"><div class=\"fusion-layout-column fusion_builder_column fusion-builder-column-8 fusion-flex-column fusion-flex-align-self-stretch\" style=\"--awb-padding-top:17px;--awb-padding-right:20px;--awb-padding-bottom:60px;--awb-padding-left:20px;--awb-overflow:hidden;--awb-bg-color:#3f3f3f;--awb-bg-color-hover:#3f3f3f;--awb-bg-image:linear-gradient(180deg, rgba(255,255,255,0) 61%,rgba(167,169,159,0.02) 0%);--awb-bg-size:cover;--awb-border-color:var(--awb-custom_color_6);--awb-border-top:1px;--awb-border-right:1px;--awb-border-bottom:1px;--awb-border-left:1px;--awb-border-style:solid;--awb-border-radius:3000px 3000px 0px 0px;--awb-width-large:30%;--awb-margin-top-large:0px;--awb-spacing-right-large:3.2%;--awb-margin-bottom-large:0px;--awb-spacing-left-large:0%;--awb-width-medium:30%;--awb-order-medium:0;--awb-spacing-right-medium:3.2%;--awb-spacing-left-medium:0%;--awb-width-small:100%;--awb-order-small:0;--awb-spacing-right-small:1.92%;--awb-spacing-left-small:1.92%;\"><div class=\"fusion-column-wrapper fusion-column-has-shadow fusion-flex-justify-content-flex-start fusion-content-layout-column\"><div class=\"fusion-image-element \" style=\"--awb-aspect-ratio:1 \/ 1;--awb-object-position:75% 19%;--awb-caption-title-font-family:var(--h2_typography-font-family);--awb-caption-title-font-weight:var(--h2_typography-font-weight);--awb-caption-title-font-style:var(--h2_typography-font-style);--awb-caption-title-size:var(--h2_typography-font-size);--awb-caption-title-transform:var(--h2_typography-text-transform);--awb-caption-title-line-height:var(--h2_typography-line-height);--awb-caption-title-letter-spacing:var(--h2_typography-letter-spacing);\"><span class=\" fusion-imageframe imageframe-none imageframe-4 hover-type-none has-aspect-ratio img-size-round\"><img decoding=\"async\" width=\"540\" height=\"250\" title=\"chouette\" src=\"https:\/\/hotel-darcy.fr\/wp-content\/uploads\/2025\/02\/chouette.jpg\" class=\"img-responsive wp-image-3295 img-with-aspect-ratio\" data-parent-fit=\"cover\" data-parent-container=\".fusion-image-element\" alt srcset=\"https:\/\/hotel-darcy.fr\/wp-content\/uploads\/2025\/02\/chouette-200x93.jpg 200w, https:\/\/hotel-darcy.fr\/wp-content\/uploads\/2025\/02\/chouette-400x185.jpg 400w, https:\/\/hotel-darcy.fr\/wp-content\/uploads\/2025\/02\/chouette.jpg 540w\" sizes=\"(max-width: 640px) 100vw, 540px\" \/><\/span><\/div><div class=\"fusion-title title fusion-title-8 fusion-sep-none fusion-title-center fusion-title-text fusion-title-size-three\" style=\"--awb-text-color:var(--awb-custom_color_8);--awb-margin-top:20px;--awb-margin-top-small:10px;--awb-margin-right-small:0px;--awb-margin-bottom-small:10px;--awb-margin-left-small:0px;--awb-font-size:30px;\"><h3 class=\"fusion-title-heading title-heading-center\" style=\"font-family:&quot;DM Sans&quot;;font-style:normal;font-weight:100;margin:0;text-transform:none;font-size:1em;\">Bronzepfeile mit dem Bildnis der Eule<\/h3><\/div><div class=\"fusion-text fusion-text-8 fusion-text-no-margin\" style=\"--awb-content-alignment:justify;--awb-font-size:17px;--awb-text-color:var(--awb-custom_color_8);--awb-margin-top:20px;--awb-margin-right:00px;--awb-margin-bottom:20px;--awb-text-font-family:&quot;DM Sans&quot;;--awb-text-font-style:normal;--awb-text-font-weight:200;\"><p>Um keine <a href=\"https:\/\/www.destinationdijon.com\/destination\/7-excellentes-raisons-de-venir-a-dijon\/\">der unumg\u00e4nglichen Sehensw\u00fcrdigkeiten der Stadt Dijon<\/a> zu verpassen, m\u00fcssen Sie nur den Bronzepfeilen folgen, die sich zwischen den Pflastersteinen des gesch\u00fctzten Sektors eingenistet haben. Die Eule von Dijon bleibt das Maskottchen der Stadt.<\/p>\n<p>Eingebettet in einen Strebepfeiler von Notre-Dame ist sie zu einem Gl\u00fccksbringer f\u00fcr Passanten geworden, die sie mit der linken Hand, der Hand des Herzens, streicheln. Wir freuen uns darauf, sie zu finden und uns etwas zu w\u00fcnschen, w\u00e4hrend wir sie streicheln.<\/p>\n<p>Zuvor gehen wir jedoch zuerst zur Touristeninformation, um das Heft f\u00fcr den Rundgang abzuholen. Schlie\u00dflich entscheiden wir uns stattdessen daf\u00fcr, die App auf mein Handy herunterzuladen, wodurch wir f\u00fcr weniger als 3 Euro zum n\u00e4chstgelegenen Startpunkt gelangen und benachrichtigt werden, wenn wir uns einer Sehensw\u00fcrdigkeit n\u00e4hern!<\/p>\n<\/div><\/div><\/div><div class=\"fusion-layout-column fusion_builder_column fusion-builder-column-9 fusion-flex-column fusion-flex-align-self-flex-end\" style=\"--awb-padding-top:20px;--awb-padding-right:20px;--awb-padding-left:20px;--awb-overflow:hidden;--awb-bg-color:#3f3f3f;--awb-bg-color-hover:#3f3f3f;--awb-bg-image:linear-gradient(180deg, rgba(255,255,255,0) 61%,rgba(167,169,159,0.02) 0%);--awb-bg-size:cover;--awb-border-color:var(--awb-custom_color_6);--awb-border-top:1px;--awb-border-right:1px;--awb-border-bottom:1px;--awb-border-left:1px;--awb-border-style:solid;--awb-border-radius:3000px 3000px 0px 0px;--awb-width-large:30%;--awb-margin-top-large:0px;--awb-spacing-right-large:3.2%;--awb-margin-bottom-large:0px;--awb-spacing-left-large:0%;--awb-width-medium:30%;--awb-order-medium:0;--awb-spacing-right-medium:3.2%;--awb-spacing-left-medium:0%;--awb-width-small:100%;--awb-order-small:0;--awb-margin-top-small:50px;--awb-spacing-right-small:1.92%;--awb-spacing-left-small:1.92%;\"><div class=\"fusion-column-wrapper fusion-column-has-shadow fusion-flex-justify-content-flex-start fusion-content-layout-column\"><div class=\"fusion-image-element \" style=\"--awb-caption-title-font-family:var(--h2_typography-font-family);--awb-caption-title-font-weight:var(--h2_typography-font-weight);--awb-caption-title-font-style:var(--h2_typography-font-style);--awb-caption-title-size:var(--h2_typography-font-size);--awb-caption-title-transform:var(--h2_typography-text-transform);--awb-caption-title-line-height:var(--h2_typography-line-height);--awb-caption-title-letter-spacing:var(--h2_typography-letter-spacing);\"><span class=\" fusion-imageframe imageframe-none imageframe-5 hover-type-none img-size-round\"><img decoding=\"async\" width=\"540\" height=\"250\" title=\"vin\" src=\"https:\/\/hotel-darcy.fr\/wp-content\/uploads\/2025\/02\/vin.jpg\" alt class=\"img-responsive wp-image-3298\" srcset=\"https:\/\/hotel-darcy.fr\/wp-content\/uploads\/2025\/02\/vin-200x93.jpg 200w, https:\/\/hotel-darcy.fr\/wp-content\/uploads\/2025\/02\/vin-400x185.jpg 400w, https:\/\/hotel-darcy.fr\/wp-content\/uploads\/2025\/02\/vin.jpg 540w\" sizes=\"(max-width: 640px) 100vw, 540px\" \/><\/span><\/div><div class=\"fusion-title title fusion-title-9 fusion-sep-none fusion-title-center fusion-title-text fusion-title-size-three\" style=\"--awb-text-color:var(--awb-custom_color_8);--awb-margin-top:20px;--awb-margin-top-small:10px;--awb-margin-right-small:0px;--awb-margin-bottom-small:10px;--awb-margin-left-small:0px;--awb-font-size:30px;\"><h3 class=\"fusion-title-heading title-heading-center\" style=\"font-family:&quot;DM Sans&quot;;font-style:normal;font-weight:100;margin:0;text-transform:none;font-size:1em;\">Die Route der Grands Crus<\/h3><\/div><div class=\"fusion-text fusion-text-9 fusion-text-no-margin\" style=\"--awb-content-alignment:justify;--awb-font-size:17px;--awb-text-color:var(--awb-custom_color_8);--awb-margin-top:20px;--awb-margin-right:00px;--awb-margin-bottom:40px;--awb-text-font-family:&quot;DM Sans&quot;;--awb-text-font-style:normal;--awb-text-font-weight:200;\"><p>Als Wiege der gro\u00dfen Burgunderweine f\u00fchrt die prestigetr\u00e4chtige Touristenroute auf 60 Kilometern durch etwa 30 St\u00e4dte und D\u00f6rfer, in denen der Pinot Noir nach wie vor die K\u00f6nigsrebsorte ist. Hier wachsen die Reben auf einem schmalen Streifen von H\u00e4ngen, die nur wenige hundert Meter hoch sind!<\/p>\n<p><strong>Die C\u00f4te de Nuits<\/strong><br \/>\nSobald Sie Dijon verlassen, erstreckt sich die C\u00f4te de Nuits mit ihren prestigetr\u00e4chtigen, sanft abfallenden Parzellen \u00fcber etwa 20 Kilometer. Sie wird auch als &#8222;Champs-\u00c9lys\u00e9es von Burgund&#8220; bezeichnet und beherbergt die ber\u00fchmten Appellationen Marsannay, Fixin, Gevrey-Chambertin, Vougeot, Vosne-Roman\u00e9e, Nuits-Saint-Georges&#8230;<\/p>\n<p>Die <strong>C\u00f4te de Beaune<\/strong><br \/>\nWeiter s\u00fcdlich verbindet die Route des Grands Crus die C\u00f4te de Beaune mit ihrer h\u00fcgeligen Landschaft. Die Weinanbaugebiete, die haupts\u00e4chlich mit Pinot Noir bepflanzt sind, wie bei der C\u00f4te de Nuits, reservieren einige Chardonnay-Pflanzen auf dem ber\u00fchmten H\u00fcgel von Corton. An der C\u00f4te de Beaune findet man die ber\u00fchmten Appellationen wie Aloxe-Corton, Beaune, Pommard, Volnay, Meursault, Puligny-Montrachet&#8230;<\/p>\n<\/div><\/div><\/div><div class=\"fusion-layout-column fusion_builder_column fusion-builder-column-10 fusion-flex-column fusion-flex-align-self-stretch\" style=\"--awb-padding-top:20px;--awb-padding-right:20px;--awb-padding-left:20px;--awb-overflow:hidden;--awb-bg-color:#3f3f3f;--awb-bg-color-hover:#3f3f3f;--awb-bg-image:linear-gradient(180deg, rgba(255,255,255,0) 61%,rgba(167,169,159,0.02) 0%);--awb-bg-size:cover;--awb-border-color:var(--awb-custom_color_6);--awb-border-top:1px;--awb-border-right:1px;--awb-border-bottom:1px;--awb-border-left:1px;--awb-border-style:solid;--awb-border-radius:3000px 3000px 0px 0px;--awb-width-large:30%;--awb-margin-top-large:0px;--awb-spacing-right-large:3.2%;--awb-margin-bottom-large:0px;--awb-spacing-left-large:0%;--awb-width-medium:30%;--awb-order-medium:0;--awb-spacing-right-medium:3.2%;--awb-spacing-left-medium:0%;--awb-width-small:100%;--awb-order-small:0;--awb-margin-top-small:50px;--awb-spacing-right-small:1.92%;--awb-spacing-left-small:1.92%;\"><div class=\"fusion-column-wrapper fusion-column-has-shadow fusion-flex-justify-content-flex-start fusion-content-layout-column\"><div class=\"fusion-image-element \" style=\"--awb-caption-title-font-family:var(--h2_typography-font-family);--awb-caption-title-font-weight:var(--h2_typography-font-weight);--awb-caption-title-font-style:var(--h2_typography-font-style);--awb-caption-title-size:var(--h2_typography-font-size);--awb-caption-title-transform:var(--h2_typography-text-transform);--awb-caption-title-line-height:var(--h2_typography-line-height);--awb-caption-title-letter-spacing:var(--h2_typography-letter-spacing);\"><span class=\" fusion-imageframe imageframe-none imageframe-6 hover-type-none img-size-round\"><img decoding=\"async\" width=\"540\" height=\"250\" title=\"duc_bourgogne\" src=\"https:\/\/hotel-darcy.fr\/wp-content\/uploads\/2025\/02\/duc_bourgogne.jpg\" alt class=\"img-responsive wp-image-3304\" srcset=\"https:\/\/hotel-darcy.fr\/wp-content\/uploads\/2025\/02\/duc_bourgogne-200x93.jpg 200w, https:\/\/hotel-darcy.fr\/wp-content\/uploads\/2025\/02\/duc_bourgogne-400x185.jpg 400w, https:\/\/hotel-darcy.fr\/wp-content\/uploads\/2025\/02\/duc_bourgogne.jpg 540w\" sizes=\"(max-width: 640px) 100vw, 540px\" \/><\/span><\/div><div class=\"fusion-title title fusion-title-10 fusion-sep-none fusion-title-center fusion-title-text fusion-title-size-three\" style=\"--awb-text-color:var(--awb-custom_color_8);--awb-margin-top:20px;--awb-margin-top-small:10px;--awb-margin-right-small:0px;--awb-margin-bottom-small:10px;--awb-margin-left-small:0px;--awb-font-size:30px;\"><h3 class=\"fusion-title-heading title-heading-center\" style=\"font-family:&quot;DM Sans&quot;;font-style:normal;font-weight:100;margin:0;text-transform:none;font-size:1em;\">Von den Herz\u00f6gen von Burgund bis heute<\/h3><\/div><div class=\"fusion-text fusion-text-10 fusion-text-no-margin\" style=\"--awb-content-alignment:justify;--awb-font-size:17px;--awb-text-color:var(--awb-custom_color_4);--awb-margin-top:20px;--awb-margin-right:00px;--awb-margin-bottom:40px;--awb-text-font-family:&quot;DM Sans&quot;;--awb-text-font-style:normal;--awb-text-font-weight:200;\"><p>Die Stadt gilt als eine der sch\u00f6nsten historischen St\u00e4dte Frankreichs und bewahrt ein bemerkenswertes architektonisches Erbe, das von einer Geschichte gepr\u00e4gt wurde, die eng mit der Zeit der Herz\u00f6ge von Burgund und der des Parlaments von Dijon verbunden ist.<\/p>\n<p>Entdecken Sie die epische Geschichte der Gro\u00dfherz\u00f6ge des Westens, die Dijon von 1363 bis 1477 zu einer europ\u00e4ischen Hauptstadt vor der Zeit machte! In den folgenden drei Jahrhunderten errichteten die Parlamentarier majest\u00e4tische Fassaden im Herzen der Stadt, in der es rund 100 Stadth\u00e4user gibt.<\/p>\n<p>Ende des 19. Jahrhunderts erforderte die industrielle und st\u00e4dtische Entwicklung den Abbau der alten Stadtmauern, die durch die heutigen Boulevards ersetzt wurden, die den gesch\u00fctzten Sektor umschlie\u00dfen.<\/p>\n<\/div><\/div><\/div><div class=\"fusion-layout-column fusion_builder_column fusion-builder-column-11 fusion_builder_column_1_1 1_1 fusion-flex-column\" style=\"--awb-padding-top:20px;--awb-padding-right:20px;--awb-padding-bottom:20px;--awb-padding-left:21px;--awb-bg-color:#3f3f3f;--awb-bg-color-hover:#3f3f3f;--awb-bg-size:cover;--awb-border-color:var(--awb-color1);--awb-border-top:1px;--awb-border-right:1px;--awb-border-bottom:1px;--awb-border-left:1px;--awb-border-style:solid;--awb-width-large:100%;--awb-margin-top-large:60px;--awb-spacing-right-large:1.92%;--awb-margin-bottom-large:20px;--awb-spacing-left-large:0%;--awb-width-medium:100%;--awb-order-medium:0;--awb-spacing-right-medium:1.92%;--awb-spacing-left-medium:0%;--awb-width-small:100%;--awb-order-small:0;--awb-spacing-right-small:1.92%;--awb-spacing-left-small:1.92%;\"><div class=\"fusion-column-wrapper fusion-column-has-shadow fusion-flex-justify-content-flex-start fusion-content-layout-column\"><div class=\"fusion-builder-row fusion-builder-row-inner fusion-row fusion-flex-align-items-flex-start fusion-flex-align-content-flex-end fusion-flex-justify-content-space-between fusion-flex-content-wrap\" style=\"--awb-flex-grow:0;--awb-flex-grow-medium:0;--awb-flex-grow-small:0;--awb-flex-shrink:0;--awb-flex-shrink-medium:0;--awb-flex-shrink-small:0;width:104% !important;max-width:104% !important;margin-left: calc(-4% \/ 2 );margin-right: calc(-4% \/ 2 );\"><div class=\"fusion-layout-column fusion_builder_column_inner fusion-builder-nested-column-3 fusion_builder_column_inner_1_3 1_3 fusion-flex-column fusion-flex-align-self-stretch\" style=\"--awb-padding-top:90px;--awb-padding-bottom:40px;--awb-padding-left:20px;--awb-bg-image:url(&#039;https:\/\/hotel-darcy.fr\/wp-content\/uploads\/2025\/02\/tour-Philippe-le-Bon.jpg&#039;);--awb-bg-position:center center;--awb-bg-size:cover;--awb-width-large:33.333333333333%;--awb-margin-top-large:0px;--awb-spacing-right-large:5.76%;--awb-margin-bottom-large:0px;--awb-spacing-left-large:5.76%;--awb-width-medium:33.333333333333%;--awb-order-medium:0;--awb-spacing-right-medium:5.76%;--awb-spacing-left-medium:5.76%;--awb-width-small:100%;--awb-order-small:0;--awb-spacing-right-small:1.92%;--awb-spacing-left-small:1.92%;\"><div class=\"fusion-column-wrapper fusion-column-has-shadow fusion-flex-justify-content-flex-start fusion-content-layout-column fusion-empty-column-bg-image fusion-column-has-bg-image\" data-bg-url=\"https:\/\/hotel-darcy.fr\/wp-content\/uploads\/2025\/02\/tour-Philippe-le-Bon.jpg\"><img decoding=\"async\" class=\"fusion-empty-dims-img-placeholder\" aria-label=\"tour-Philippe-le-Bon\" src=\"data:image\/svg+xml,%3Csvg%20xmlns%3D%27http%3A%2F%2Fwww.w3.org%2F2000%2Fsvg%27%20width%3D%27540%27%20height%3D%27250%27%20viewBox%3D%270%200%20540%20250%27%3E%3Crect%20width%3D%27540%27%20height%3D%27250%27%20fill-opacity%3D%220%22%2F%3E%3C%2Fsvg%3E\"><\/div><\/div><div class=\"fusion-layout-column fusion_builder_column_inner fusion-builder-nested-column-4 fusion-flex-column fusion-flex-align-self-stretch\" style=\"--awb-padding-right:40px;--awb-padding-right-small:0px;--awb-bg-size:cover;--awb-width-large:66%;--awb-margin-top-large:20px;--awb-spacing-right-large:2.9090909090909%;--awb-margin-bottom-large:20px;--awb-spacing-left-large:2.9090909090909%;--awb-width-medium:66%;--awb-order-medium:0;--awb-spacing-right-medium:2.9090909090909%;--awb-spacing-left-medium:2.9090909090909%;--awb-width-small:100%;--awb-order-small:0;--awb-spacing-right-small:1.92%;--awb-spacing-left-small:1.92%;\"><div class=\"fusion-column-wrapper fusion-column-has-shadow fusion-flex-justify-content-center fusion-content-layout-column\"><div class=\"fusion-title title fusion-title-11 fusion-sep-none fusion-title-text fusion-title-size-three\" style=\"--awb-text-color:var(--awb-custom_color_8);--awb-margin-top:40px;--awb-margin-bottom:0px;--awb-margin-top-small:10px;--awb-margin-right-small:0px;--awb-margin-bottom-small:10px;--awb-margin-left-small:0px;--awb-font-size:30px;\"><h3 class=\"fusion-title-heading title-heading-left\" style=\"font-family:&quot;DM Sans&quot;;font-style:normal;font-weight:100;margin:0;text-transform:none;font-size:1em;\">Die unumg\u00e4nglichen Sehensw\u00fcrdigkeiten in Dijon<\/h3><\/div><div class=\"fusion-text fusion-text-11 fusion-text-no-margin\" style=\"--awb-content-alignment:justify;--awb-font-size:17px;--awb-text-color:var(--awb-custom_color_4);--awb-margin-top:20px;--awb-margin-right:00px;--awb-margin-bottom:40px;--awb-text-font-family:&quot;DM Sans&quot;;--awb-text-font-style:normal;--awb-text-font-weight:200;\"><p>Die Architektur des Mittelalters l\u00e4sst sich in Dijon anhand der gro\u00dfen religi\u00f6sen Geb\u00e4ude entdecken, von denen es in der &#8222;Stadt der hundert Kircht\u00fcrme&#8220; nur so wimmelt. Die romanische Kirche <strong>Saint-Philibert<\/strong> und die beiden gotischen Ikonen <strong>Notre-Dame<\/strong> und die Kathedrale <strong>Sainte-B\u00e9nigne<\/strong> geh\u00f6ren zu den sch\u00f6nsten heiligen St\u00e4tten der burgundischen Stadt.<\/p>\n<p>Das symboltr\u00e4chtigste Bauwerk Dijons bleibt zweifellos der majest\u00e4tische <a href=\"https:\/\/www.destinationdijon.com\/patrimoine-culturel\/palais-des-ducs-et-des-etats-de-bourgogne\/\">Palast der Herz\u00f6ge und St\u00e4nde von Burgund<\/a>. Der erste Herzog der Valois, Philipp der K\u00fchne, baute es ab 1365 wieder auf und verwandelte den Saal der St\u00e4nde in einen richtigen Palast. Dieser verwandelt sich im Laufe der Jahrhunderte mit den klassischen Fassaden, die von Jules-Ardouin Mansart, dem Architekten Ludwigs XIV, entworfen wurden. Heute ist es das Rathaus und beherbergt au\u00dferdem das prestigetr\u00e4chtige <a href=\"https:\/\/www.destinationdijon.com\/moments-a-vivre\/visite-guidee-du-musee-des-beaux-arts\/\">Museum der Sch\u00f6nen K\u00fcnste<\/a> und die Gr\u00e4ber der Herz\u00f6ge.<\/p>\n<p>Die Altstadt von Dijon bietet dem Besucher einen 97 Hektar gro\u00dfen gesch\u00fctzten Sektor, in dem dreitausend H\u00e4user und fast zweihundert historische Monumente neben der Natur der Pl\u00e4tze und G\u00e4rten im neoklassizistischen Stil stehen. Der Panoramablick vom <strong>Turm Philipp des Guten<\/strong> erm\u00f6glicht es, dieses einzigartige monumentale Erbe von der 46 Meter hohen Herzogsterrasse aus zu bewundern.<\/p>\n<\/div><\/div><\/div><\/div><\/div><\/div><\/div><\/div><\/div><div class=\"fusion-fullwidth fullwidth-box fusion-builder-row-6 fusion-flex-container has-pattern-background has-mask-background fusion-parallax-fixed nonhundred-percent-fullwidth non-hundred-percent-height-scrolling\" style=\"--awb-background-position:left top;--awb-border-radius-top-left:0px;--awb-border-radius-top-right:0px;--awb-border-radius-bottom-right:0px;--awb-border-radius-bottom-left:0px;--awb-overflow:visible;--awb-padding-top:0px;--awb-padding-right:0px;--awb-padding-left:0px;--awb-padding-right-small:0px;--awb-padding-left-small:0px;--awb-margin-top:0px;--awb-background-color:var(--awb-custom_color_5);--awb-background-image:url(&quot;https:\/\/hotel-darcy.fr\/wp-content\/uploads\/2025\/02\/1081.jpg&quot;);--awb-background-size:cover;--awb-flex-wrap:wrap;background-attachment:fixed;\" ><div class=\"fusion-builder-row fusion-row fusion-flex-align-items-flex-start fusion-flex-justify-content-flex-end fusion-flex-content-wrap\" style=\"max-width:1248px;margin-left: calc(-4% \/ 2 );margin-right: calc(-4% \/ 2 );\"><div class=\"fusion-layout-column fusion_builder_column fusion-builder-column-12 fusion_builder_column_1_2 1_2 fusion-flex-column fusion-flex-align-self-flex-start\" style=\"--awb-z-index:2000;--awb-padding-top:172px;--awb-padding-right:60px;--awb-padding-bottom:100px;--awb-padding-left:60px;--awb-padding-top-small:90px;--awb-padding-right-small:60px;--awb-padding-bottom-small:60px;--awb-padding-left-small:60px;--awb-overflow:visible;--awb-bg-color:rgba(255,255,255,0.89);--awb-bg-color-hover:rgba(255,255,255,0.89);--awb-bg-size:cover;--awb-border-color:var(--awb-color1);--awb-border-top:1px;--awb-border-right:1px;--awb-border-bottom:1px;--awb-border-left:1px;--awb-border-style:solid;--awb-border-radius:4000px 4000px 0px 0px;--awb-width-large:50%;--awb-margin-top-large:150px;--awb-spacing-right-large:0%;--awb-margin-bottom-large:0px;--awb-spacing-left-large:0%;--awb-width-medium:50%;--awb-order-medium:0;--awb-spacing-right-medium:0%;--awb-spacing-left-medium:0%;--awb-width-small:100%;--awb-order-small:0;--awb-margin-top-small:150px;--awb-spacing-right-small:6.816%;--awb-spacing-left-small:6.816%;\"><div class=\"fusion-column-wrapper fusion-column-has-shadow fusion-flex-justify-content-flex-start fusion-content-layout-column\"><div class=\"fusion-title title fusion-title-12 fusion-sep-none fusion-title-center fusion-title-text fusion-title-size-two\" style=\"--awb-text-color:var(--awb-custom_color_7);--awb-margin-top:;--awb-margin-bottom:0px;--awb-margin-top-small:10px;--awb-margin-right-small:0px;--awb-margin-bottom-small:10px;--awb-margin-left-small:0px;--awb-font-size:50px;\"><h2 class=\"fusion-title-heading title-heading-center\" style=\"font-family:&quot;DM Sans&quot;;font-style:normal;font-weight:100;margin:0;text-transform:none;font-size:1em;\">Die Lebenskunst von Dijonnais<\/h2><\/div><div class=\"fusion-text fusion-text-12 fusion-text-no-margin\" style=\"--awb-content-alignment:center;--awb-font-size:17px;--awb-text-color:var(--awb-custom_color_7);--awb-margin-top:20px;--awb-margin-right:00px;--awb-margin-bottom:20px;--awb-text-font-family:&quot;DM Sans&quot;;--awb-text-font-style:normal;--awb-text-font-weight:200;\"><p>Die R\u00fcckeroberung der Fu\u00dfg\u00e4ngerzonen rund um den Place de la Lib\u00e9ration, die Einrichtung von Fahrr\u00e4dern in Selbstbedienung und der Ausbau von zwei Stra\u00dfenbahnlinien f\u00f6rdern die Lebenskunst in der Hauptstadt Burgunds.<\/p>\n<p>Rund um die Hauptprodukte der Gastronomie von Dijon wie Senf, Lebkuchen und schwarze Johannisbeeren entwickeln sich Besuche in handwerklichen Fabriken, wo sich Geschichten und Kostproben vermischen.<\/p>\n<p><a href=\"https:\/\/www.destinationdijon.com\/le-brunch-des-halles\/\">Der Brunch in den Markthallen von Dijon<\/a>, die Weinproben an einem ungew\u00f6hnlichen Ort w\u00e4hrend der &#8222;<a href=\"https:\/\/www.destinationdijon.com\/moments-a-vivre\/une-degustation-surprenante-dans-un-lieu-insolite\/\">Jeudis Vins<\/a>&#8220; oder auch die &#8222;<a href=\"https:\/\/www.destinationdijon.com\/moments-a-vivre\/un-apero-bien-merite\/\">Aperitifs de la Tour<\/a>&#8220; tragen zur Verbreitung der kulinarischen Kunst Dijons bei. Am 6. Mai 2022 \u00f6ffnete die <a href=\"https:\/\/www.citedelagastronomie-dijon.fr\/\">Cit\u00e9 Internationale de la Gastronomie et du Vin<\/a> ihre Pforten mit der Schaffung eines echten Viertels im Zentrum von Dijon. Neben den St\u00e4dten Tours, Lyon und Paris-Rungis wird auch die Stadt Dijon das &#8222;gastronomische Mahl der Franzosen\u00ae&#8220; und insbesondere die Weinbaugebiete des Burgunds aufwerten.<\/p>\n<\/div><\/div><\/div><\/div><\/div><div class=\"fusion-fullwidth fullwidth-box fusion-builder-row-7 fusion-flex-container has-pattern-background has-mask-background nonhundred-percent-fullwidth non-hundred-percent-height-scrolling\" style=\"--awb-border-radius-top-left:0px;--awb-border-radius-top-right:0px;--awb-border-radius-bottom-right:0px;--awb-border-radius-bottom-left:0px;--awb-background-color:var(--awb-custom_color_7);--awb-flex-wrap:wrap;\" ><div class=\"fusion-builder-row fusion-row fusion-flex-align-items-flex-start fusion-flex-justify-content-center fusion-flex-content-wrap\" style=\"max-width:1248px;margin-left: calc(-4% \/ 2 );margin-right: calc(-4% \/ 2 );\"><div class=\"fusion-layout-column fusion_builder_column fusion-builder-column-13 fusion_builder_column_3_4 3_4 fusion-flex-column fusion-flex-align-self-stretch\" style=\"--awb-padding-top:40px;--awb-padding-right:130px;--awb-padding-bottom:40px;--awb-padding-left:130px;--awb-padding-right-small:30px;--awb-padding-left-small:30px;--awb-bg-color:var(--awb-custom_color_5);--awb-bg-color-hover:var(--awb-custom_color_5);--awb-bg-size:cover;--awb-width-large:75%;--awb-margin-top-large:99px;--awb-spacing-right-large:0%;--awb-margin-bottom-large:90px;--awb-spacing-left-large:;--awb-width-medium:75%;--awb-order-medium:0;--awb-spacing-right-medium:0%;--awb-spacing-left-medium:;--awb-width-small:100%;--awb-order-small:0;--awb-spacing-right-small:1.92%;--awb-spacing-left-small:1.92%;\"><div class=\"fusion-column-wrapper fusion-column-has-shadow fusion-flex-justify-content-center fusion-content-layout-column\"><div class=\"fusion-title title fusion-title-13 fusion-sep-none fusion-title-text fusion-title-size-two\" style=\"--awb-text-color:var(--awb-custom_color_7);--awb-margin-top:0px;--awb-margin-top-small:10px;--awb-margin-right-small:0px;--awb-margin-bottom-small:10px;--awb-margin-left-small:0px;--awb-font-size:50px;\"><h2 class=\"fusion-title-heading title-heading-left\" style=\"font-family:&quot;DM Sans&quot;;font-style:normal;font-weight:100;margin:0;text-transform:none;font-size:1em;\">Verbraucherrechte<\/h2><\/div><div class=\"fusion-text fusion-text-13 fusion-text-no-margin\" style=\"--awb-content-alignment:justify;--awb-font-size:18px;--awb-text-color:var(--awb-custom_color_7);--awb-margin-right:0px;--awb-margin-bottom:20px;--awb-text-font-family:&quot;DM Sans&quot;;--awb-text-font-style:normal;--awb-text-font-weight:200;\"><p>Das Hotel Darcy sorgt daf\u00fcr, dass Ihr touristischer Aufenthalt so reibungslos wie m\u00f6glich verl\u00e4uft!<br \/>\nWenn Sie w\u00e4hrend Ihres Aufenthalts Probleme haben, wenden Sie sich bitte an den Ombudsmann f\u00fcr Tourismus.<\/p>\n<\/div><div class=\"sm-text-align-center\" style=\"text-align:right;\"><a class=\"fusion-button button-flat fusion-button-default-size button-custom fusion-button-default button-2 fusion-button-span-yes fusion-button-default-type\" style=\"--awb-margin-top:0px;--awb-margin-left:0px;--button_accent_color:var(--awb-custom_color_7);--button_border_color:var(--awb-custom_color_7);--button_accent_hover_color:var(--awb-custom_color_7);--button_border_hover_color:var(--awb-custom_color_7);--button_gradient_top_color:var(--awb-custom_color_8);--button_gradient_bottom_color:var(--awb-custom_color_8);--button_gradient_top_color_hover:var(--awb-custom_color_8);--button_gradient_bottom_color_hover:var(--awb-custom_color_8);--button_text_transform:none;--button_typography-font-family:&quot;DM Sans&quot;;--button_typography-font-style:normal;--button_typography-font-weight:300;\" target=\"_blank\" rel=\"noopener noreferrer\" href=\"https:\/\/ec.europa.eu\/consumers\/odr\/main\/?event=main.complaints.screeningphase\"><span class=\"fusion-button-text awb-button__text awb-button__text--default\">Europ\u00e4ische Plattform zur Online-Beilegung von Streitigkeiten<\/span><\/a><\/div><\/div><\/div><\/div><\/div><\/p>\n","protected":false},"excerpt":{"rendered":"","protected":false},"author":1,"featured_media":0,"parent":0,"menu_order":0,"comment_status":"closed","ping_status":"closed","template":"100-width.php","meta":{"footnotes":""},"class_list":["post-3844","page","type-page","status-publish","hentry"],"yoast_head":"<!-- This site is optimized with the Yoast SEO plugin v27.4 - https:\/\/yoast.com\/product\/yoast-seo-wordpress\/ -->\n<title>Tourismus - Hotel Darcy<\/title>\n<meta name=\"description\" content=\"Das 3* Hotel Darcy liegt im Herzen des historischen Zentrums von Dijon und bietet 27 Zimmer, eine Weinbar und ein Restaurant in einem gem\u00fctlichen Rahmen.\" \/>\n<meta name=\"robots\" content=\"index, follow, max-snippet:-1, max-image-preview:large, max-video-preview:-1\" \/>\n<link rel=\"canonical\" href=\"https:\/\/hotel-darcy.fr\/de\/tourismus-2\/\" \/>\n<meta property=\"og:locale\" content=\"de_DE\" \/>\n<meta property=\"og:type\" content=\"article\" \/>\n<meta property=\"og:title\" content=\"Tourismus - Hotel Darcy\" \/>\n<meta property=\"og:description\" content=\"Das 3* Hotel Darcy liegt im Herzen des historischen Zentrums von Dijon und bietet 27 Zimmer, eine Weinbar und ein Restaurant in einem gem\u00fctlichen Rahmen.\" \/>\n<meta property=\"og:url\" content=\"https:\/\/hotel-darcy.fr\/de\/tourismus-2\/\" \/>\n<meta property=\"og:site_name\" content=\"Hotel Darcy\" \/>\n<meta property=\"article:publisher\" content=\"https:\/\/www.facebook.com\/RestaurantPorteGuillaume\/\" \/>\n<meta property=\"article:modified_time\" content=\"2025-02-11T14:13:57+00:00\" \/>\n<meta property=\"og:image\" content=\"https:\/\/hotel-darcy.fr\/wp-content\/uploads\/2025\/02\/Frame-14.jpg\" \/>\n\t<meta property=\"og:image:width\" content=\"1200\" \/>\n\t<meta property=\"og:image:height\" content=\"610\" \/>\n\t<meta property=\"og:image:type\" content=\"image\/jpeg\" \/>\n<meta name=\"twitter:card\" content=\"summary_large_image\" \/>\n<meta name=\"twitter:label1\" content=\"Gesch\u00e4tzte Lesezeit\" \/>\n\t<meta name=\"twitter:data1\" content=\"63\u00a0Minuten\" \/>\n<script type=\"application\/ld+json\" class=\"yoast-schema-graph\">{\"@context\":\"https:\\\/\\\/schema.org\",\"@graph\":[{\"@type\":\"WebPage\",\"@id\":\"https:\\\/\\\/hotel-darcy.fr\\\/de\\\/tourismus-2\\\/\",\"url\":\"https:\\\/\\\/hotel-darcy.fr\\\/de\\\/tourismus-2\\\/\",\"name\":\"Tourismus - Hotel Darcy\",\"isPartOf\":{\"@id\":\"https:\\\/\\\/hotel-darcy.fr\\\/de\\\/#website\"},\"datePublished\":\"2025-02-05T09:00:07+00:00\",\"dateModified\":\"2025-02-11T14:13:57+00:00\",\"description\":\"Das 3* Hotel Darcy liegt im Herzen des historischen Zentrums von Dijon und bietet 27 Zimmer, eine Weinbar und ein Restaurant in einem gem\u00fctlichen Rahmen.\",\"breadcrumb\":{\"@id\":\"https:\\\/\\\/hotel-darcy.fr\\\/de\\\/tourismus-2\\\/#breadcrumb\"},\"inLanguage\":\"de\",\"potentialAction\":[{\"@type\":\"ReadAction\",\"target\":[\"https:\\\/\\\/hotel-darcy.fr\\\/de\\\/tourismus-2\\\/\"]}]},{\"@type\":\"BreadcrumbList\",\"@id\":\"https:\\\/\\\/hotel-darcy.fr\\\/de\\\/tourismus-2\\\/#breadcrumb\",\"itemListElement\":[{\"@type\":\"ListItem\",\"position\":1,\"name\":\"Accueil\",\"item\":\"https:\\\/\\\/hotel-darcy.fr\\\/de\\\/3-sterne-hotel-im-zentrum-von-dijon\\\/\"},{\"@type\":\"ListItem\",\"position\":2,\"name\":\"Tourismus\"}]},{\"@type\":\"WebSite\",\"@id\":\"https:\\\/\\\/hotel-darcy.fr\\\/de\\\/#website\",\"url\":\"https:\\\/\\\/hotel-darcy.fr\\\/de\\\/\",\"name\":\"Hotel Darcy\",\"description\":\"\",\"publisher\":{\"@id\":\"https:\\\/\\\/hotel-darcy.fr\\\/de\\\/#organization\"},\"potentialAction\":[{\"@type\":\"SearchAction\",\"target\":{\"@type\":\"EntryPoint\",\"urlTemplate\":\"https:\\\/\\\/hotel-darcy.fr\\\/de\\\/?s={search_term_string}\"},\"query-input\":{\"@type\":\"PropertyValueSpecification\",\"valueRequired\":true,\"valueName\":\"search_term_string\"}}],\"inLanguage\":\"de\"},{\"@type\":\"Organization\",\"@id\":\"https:\\\/\\\/hotel-darcy.fr\\\/de\\\/#organization\",\"name\":\"Hotel Darcy\",\"url\":\"https:\\\/\\\/hotel-darcy.fr\\\/de\\\/\",\"logo\":{\"@type\":\"ImageObject\",\"inLanguage\":\"de\",\"@id\":\"https:\\\/\\\/hotel-darcy.fr\\\/de\\\/#\\\/schema\\\/logo\\\/image\\\/\",\"url\":\"https:\\\/\\\/hotel-darcy.fr\\\/wp-content\\\/uploads\\\/2025\\\/02\\\/Design-sans-titre-2025-02-25T145346.158.png\",\"contentUrl\":\"https:\\\/\\\/hotel-darcy.fr\\\/wp-content\\\/uploads\\\/2025\\\/02\\\/Design-sans-titre-2025-02-25T145346.158.png\",\"width\":696,\"height\":696,\"caption\":\"Hotel Darcy\"},\"image\":{\"@id\":\"https:\\\/\\\/hotel-darcy.fr\\\/de\\\/#\\\/schema\\\/logo\\\/image\\\/\"},\"sameAs\":[\"https:\\\/\\\/www.facebook.com\\\/RestaurantPorteGuillaume\\\/\"]}]}<\/script>\n<!-- \/ Yoast SEO plugin. -->","yoast_head_json":{"title":"Tourismus - Hotel Darcy","description":"Das 3* Hotel Darcy liegt im Herzen des historischen Zentrums von Dijon und bietet 27 Zimmer, eine Weinbar und ein Restaurant in einem gem\u00fctlichen Rahmen.","robots":{"index":"index","follow":"follow","max-snippet":"max-snippet:-1","max-image-preview":"max-image-preview:large","max-video-preview":"max-video-preview:-1"},"canonical":"https:\/\/hotel-darcy.fr\/de\/tourismus-2\/","og_locale":"de_DE","og_type":"article","og_title":"Tourismus - Hotel Darcy","og_description":"Das 3* Hotel Darcy liegt im Herzen des historischen Zentrums von Dijon und bietet 27 Zimmer, eine Weinbar und ein Restaurant in einem gem\u00fctlichen Rahmen.","og_url":"https:\/\/hotel-darcy.fr\/de\/tourismus-2\/","og_site_name":"Hotel Darcy","article_publisher":"https:\/\/www.facebook.com\/RestaurantPorteGuillaume\/","article_modified_time":"2025-02-11T14:13:57+00:00","og_image":[{"width":1200,"height":610,"url":"https:\/\/hotel-darcy.fr\/wp-content\/uploads\/2025\/02\/Frame-14.jpg","type":"image\/jpeg"}],"twitter_card":"summary_large_image","twitter_misc":{"Gesch\u00e4tzte Lesezeit":"63\u00a0Minuten"},"schema":{"@context":"https:\/\/schema.org","@graph":[{"@type":"WebPage","@id":"https:\/\/hotel-darcy.fr\/de\/tourismus-2\/","url":"https:\/\/hotel-darcy.fr\/de\/tourismus-2\/","name":"Tourismus - Hotel Darcy","isPartOf":{"@id":"https:\/\/hotel-darcy.fr\/de\/#website"},"datePublished":"2025-02-05T09:00:07+00:00","dateModified":"2025-02-11T14:13:57+00:00","description":"Das 3* Hotel Darcy liegt im Herzen des historischen Zentrums von Dijon und bietet 27 Zimmer, eine Weinbar und ein Restaurant in einem gem\u00fctlichen Rahmen.","breadcrumb":{"@id":"https:\/\/hotel-darcy.fr\/de\/tourismus-2\/#breadcrumb"},"inLanguage":"de","potentialAction":[{"@type":"ReadAction","target":["https:\/\/hotel-darcy.fr\/de\/tourismus-2\/"]}]},{"@type":"BreadcrumbList","@id":"https:\/\/hotel-darcy.fr\/de\/tourismus-2\/#breadcrumb","itemListElement":[{"@type":"ListItem","position":1,"name":"Accueil","item":"https:\/\/hotel-darcy.fr\/de\/3-sterne-hotel-im-zentrum-von-dijon\/"},{"@type":"ListItem","position":2,"name":"Tourismus"}]},{"@type":"WebSite","@id":"https:\/\/hotel-darcy.fr\/de\/#website","url":"https:\/\/hotel-darcy.fr\/de\/","name":"Hotel Darcy","description":"","publisher":{"@id":"https:\/\/hotel-darcy.fr\/de\/#organization"},"potentialAction":[{"@type":"SearchAction","target":{"@type":"EntryPoint","urlTemplate":"https:\/\/hotel-darcy.fr\/de\/?s={search_term_string}"},"query-input":{"@type":"PropertyValueSpecification","valueRequired":true,"valueName":"search_term_string"}}],"inLanguage":"de"},{"@type":"Organization","@id":"https:\/\/hotel-darcy.fr\/de\/#organization","name":"Hotel Darcy","url":"https:\/\/hotel-darcy.fr\/de\/","logo":{"@type":"ImageObject","inLanguage":"de","@id":"https:\/\/hotel-darcy.fr\/de\/#\/schema\/logo\/image\/","url":"https:\/\/hotel-darcy.fr\/wp-content\/uploads\/2025\/02\/Design-sans-titre-2025-02-25T145346.158.png","contentUrl":"https:\/\/hotel-darcy.fr\/wp-content\/uploads\/2025\/02\/Design-sans-titre-2025-02-25T145346.158.png","width":696,"height":696,"caption":"Hotel Darcy"},"image":{"@id":"https:\/\/hotel-darcy.fr\/de\/#\/schema\/logo\/image\/"},"sameAs":["https:\/\/www.facebook.com\/RestaurantPorteGuillaume\/"]}]}},"_links":{"self":[{"href":"https:\/\/hotel-darcy.fr\/de\/wp-json\/wp\/v2\/pages\/3844","targetHints":{"allow":["GET"]}}],"collection":[{"href":"https:\/\/hotel-darcy.fr\/de\/wp-json\/wp\/v2\/pages"}],"about":[{"href":"https:\/\/hotel-darcy.fr\/de\/wp-json\/wp\/v2\/types\/page"}],"author":[{"embeddable":true,"href":"https:\/\/hotel-darcy.fr\/de\/wp-json\/wp\/v2\/users\/1"}],"replies":[{"embeddable":true,"href":"https:\/\/hotel-darcy.fr\/de\/wp-json\/wp\/v2\/comments?post=3844"}],"version-history":[{"count":5,"href":"https:\/\/hotel-darcy.fr\/de\/wp-json\/wp\/v2\/pages\/3844\/revisions"}],"predecessor-version":[{"id":3897,"href":"https:\/\/hotel-darcy.fr\/de\/wp-json\/wp\/v2\/pages\/3844\/revisions\/3897"}],"wp:attachment":[{"href":"https:\/\/hotel-darcy.fr\/de\/wp-json\/wp\/v2\/media?parent=3844"}],"curies":[{"name":"wp","href":"https:\/\/api.w.org\/{rel}","templated":true}]}}